{"id":614,"date":"2022-06-21T16:30:46","date_gmt":"2022-06-21T16:30:46","guid":{"rendered":"https:\/\/ramada.ms.decms.eu\/nos-chambres-4-etoiles\/chambre-business\/"},"modified":"2025-10-13T06:21:05","modified_gmt":"2025-10-13T06:21:05","slug":"business-zimmer","status":"publish","type":"page","link":"https:\/\/www.ramada-encore-geneve.ch\/de\/unsere-zimmer\/business-zimmer\/","title":{"rendered":"Business-Zimmer"},"content":{"rendered":"<p style=\"text-align: center\">Profitieren Sie neben der bereits angebotenen Standardausstattung von einem 27 m\u00b2 umfassenden eleganten und komfortablen Bereich in unseren Business-Zimmern. Unsere Betten garantieren Ihnen einen erholsamen Schlaf, damit Sie gut in den Tag starten k\u00f6nnen. Die Espressomaschine und die zwei inbegriffenen Flaschen Wasser erm\u00f6glichen es Ihnen, Ihre Arbeitssitzungen voller Komfort zu verl\u00e4ngern.<\/p>\n","protected":false},"excerpt":{"rendered":"<p>Profitieren Sie neben der bereits angebotenen Standardausstattung von einem 27 m\u00b2 umfassenden eleganten und komfortablen Bereich in unseren Business-Zimmern. Unsere Betten garantieren Ihnen einen erholsamen Schlaf, damit Sie gut in den Tag starten k\u00f6nnen. Die Espressomaschine und die zwei inbegriffenen Flaschen Wasser erm\u00f6glichen es Ihnen, Ihre Arbeitssitzungen voller Komfort zu verl\u00e4ngern.<\/p>\n","protected":false},"author":474,"featured_media":0,"parent":596,"menu_order":220,"comment_status":"closed","ping_status":"closed","template":"template-single-room.php","meta":{"footnotes":""},"class_list":["post-614","page","type-page","status-publish","hentry"],"yoast_head":"<!-- This site is optimized with the Yoast SEO plugin v26.9 - https:\/\/yoast.com\/product\/yoast-seo-wordpress\/ -->\n<title>Business-Zimmer | Hotel Ramada Encore by Wyndham Geneva \u2013 La Praille<\/title>\n<meta name=\"description\" content=\"Dank Ihres umfangreicheren Raum- und Ausstattungsangebot garantieren Ihnen die Business-Zimmer des Hotels Ramada Encore in Genf h\u00f6chsten Komfort.\" \/>\n<meta name=\"robots\" content=\"index, follow, max-snippet:-1, max-image-preview:large, max-video-preview:-1\" \/>\n<link rel=\"canonical\" href=\"https:\/\/www.ramada-encore-geneve.ch\/de\/unsere-zimmer\/business-zimmer\/\" \/>\n<meta property=\"og:locale\" content=\"de_DE\" \/>\n<meta property=\"og:type\" content=\"article\" \/>\n<meta property=\"og:title\" content=\"Business-Zimmer | Hotel Ramada Encore by Wyndham Geneva \u2013 La Praille\" \/>\n<meta property=\"og:description\" content=\"Dank Ihres umfangreicheren Raum- und Ausstattungsangebot garantieren Ihnen die Business-Zimmer des Hotels Ramada Encore in Genf h\u00f6chsten Komfort.\" \/>\n<meta property=\"og:url\" content=\"https:\/\/www.ramada-encore-geneve.ch\/de\/unsere-zimmer\/business-zimmer\/\" \/>\n<meta property=\"og:site_name\" content=\"Ramada Encore Geneva\" \/>\n<meta property=\"article:modified_time\" content=\"2025-10-13T06:21:05+00:00\" \/>\n<meta name=\"twitter:card\" content=\"summary_large_image\" \/>\n<meta name=\"twitter:label1\" content=\"Gesch\u00e4tzte Lesezeit\" \/>\n\t<meta name=\"twitter:data1\" content=\"1 Minute\" \/>\n<script type=\"application\/ld+json\" class=\"yoast-schema-graph\">{\"@context\":\"https:\/\/schema.org\",\"@graph\":[{\"@type\":\"WebPage\",\"@id\":\"https:\/\/www.ramada-encore-geneve.ch\/de\/unsere-zimmer\/business-zimmer\/\",\"url\":\"https:\/\/www.ramada-encore-geneve.ch\/de\/unsere-zimmer\/business-zimmer\/\",\"name\":\"Business-Zimmer | Hotel Ramada Encore by Wyndham Geneva \u2013 La Praille\",\"isPartOf\":{\"@id\":\"https:\/\/www.ramada-encore-geneve.ch\/de\/#website\"},\"datePublished\":\"2022-06-21T16:30:46+00:00\",\"dateModified\":\"2025-10-13T06:21:05+00:00\",\"description\":\"Dank Ihres umfangreicheren Raum- und Ausstattungsangebot garantieren Ihnen die Business-Zimmer des Hotels Ramada Encore in Genf h\u00f6chsten Komfort.\",\"breadcrumb\":{\"@id\":\"https:\/\/www.ramada-encore-geneve.ch\/de\/unsere-zimmer\/business-zimmer\/#breadcrumb\"},\"inLanguage\":\"de-DE\",\"potentialAction\":[{\"@type\":\"ReadAction\",\"target\":[\"https:\/\/www.ramada-encore-geneve.ch\/de\/unsere-zimmer\/business-zimmer\/\"]}]},{\"@type\":\"BreadcrumbList\",\"@id\":\"https:\/\/www.ramada-encore-geneve.ch\/de\/unsere-zimmer\/business-zimmer\/#breadcrumb\",\"itemListElement\":[{\"@type\":\"ListItem\",\"position\":1,\"name\":\"Home\",\"item\":\"https:\/\/www.ramada-encore-geneve.ch\/de\/\"},{\"@type\":\"ListItem\",\"position\":2,\"name\":\"Unsere Zimmer\",\"item\":\"https:\/\/www.ramada-encore-geneve.ch\/de\/unsere-zimmer\/\"},{\"@type\":\"ListItem\",\"position\":3,\"name\":\"Business-Zimmer\"}]},{\"@type\":\"WebSite\",\"@id\":\"https:\/\/www.ramada-encore-geneve.ch\/de\/#website\",\"url\":\"https:\/\/www.ramada-encore-geneve.ch\/de\/\",\"name\":\"Ramada Encore Geneva\",\"description\":\"\",\"potentialAction\":[{\"@type\":\"SearchAction\",\"target\":{\"@type\":\"EntryPoint\",\"urlTemplate\":\"https:\/\/www.ramada-encore-geneve.ch\/de\/?s={search_term_string}\"},\"query-input\":{\"@type\":\"PropertyValueSpecification\",\"valueRequired\":true,\"valueName\":\"search_term_string\"}}],\"inLanguage\":\"de-DE\"}]}<\/script>\n<!-- \/ Yoast SEO plugin. -->","yoast_head_json":{"title":"Business-Zimmer | Hotel Ramada Encore by Wyndham Geneva \u2013 La Praille","description":"Dank Ihres umfangreicheren Raum- und Ausstattungsangebot garantieren Ihnen die Business-Zimmer des Hotels Ramada Encore in Genf h\u00f6chsten Komfort.","robots":{"index":"index","follow":"follow","max-snippet":"max-snippet:-1","max-image-preview":"max-image-preview:large","max-video-preview":"max-video-preview:-1"},"canonical":"https:\/\/www.ramada-encore-geneve.ch\/de\/unsere-zimmer\/business-zimmer\/","og_locale":"de_DE","og_type":"article","og_title":"Business-Zimmer | Hotel Ramada Encore by Wyndham Geneva \u2013 La Praille","og_description":"Dank Ihres umfangreicheren Raum- und Ausstattungsangebot garantieren Ihnen die Business-Zimmer des Hotels Ramada Encore in Genf h\u00f6chsten Komfort.","og_url":"https:\/\/www.ramada-encore-geneve.ch\/de\/unsere-zimmer\/business-zimmer\/","og_site_name":"Ramada Encore Geneva","article_modified_time":"2025-10-13T06:21:05+00:00","twitter_card":"summary_large_image","twitter_misc":{"Gesch\u00e4tzte Lesezeit":"1 Minute"},"schema":{"@context":"https:\/\/schema.org","@graph":[{"@type":"WebPage","@id":"https:\/\/www.ramada-encore-geneve.ch\/de\/unsere-zimmer\/business-zimmer\/","url":"https:\/\/www.ramada-encore-geneve.ch\/de\/unsere-zimmer\/business-zimmer\/","name":"Business-Zimmer | Hotel Ramada Encore by Wyndham Geneva \u2013 La Praille","isPartOf":{"@id":"https:\/\/www.ramada-encore-geneve.ch\/de\/#website"},"datePublished":"2022-06-21T16:30:46+00:00","dateModified":"2025-10-13T06:21:05+00:00","description":"Dank Ihres umfangreicheren Raum- und Ausstattungsangebot garantieren Ihnen die Business-Zimmer des Hotels Ramada Encore in Genf h\u00f6chsten Komfort.","breadcrumb":{"@id":"https:\/\/www.ramada-encore-geneve.ch\/de\/unsere-zimmer\/business-zimmer\/#breadcrumb"},"inLanguage":"de-DE","potentialAction":[{"@type":"ReadAction","target":["https:\/\/www.ramada-encore-geneve.ch\/de\/unsere-zimmer\/business-zimmer\/"]}]},{"@type":"BreadcrumbList","@id":"https:\/\/www.ramada-encore-geneve.ch\/de\/unsere-zimmer\/business-zimmer\/#breadcrumb","itemListElement":[{"@type":"ListItem","position":1,"name":"Home","item":"https:\/\/www.ramada-encore-geneve.ch\/de\/"},{"@type":"ListItem","position":2,"name":"Unsere Zimmer","item":"https:\/\/www.ramada-encore-geneve.ch\/de\/unsere-zimmer\/"},{"@type":"ListItem","position":3,"name":"Business-Zimmer"}]},{"@type":"WebSite","@id":"https:\/\/www.ramada-encore-geneve.ch\/de\/#website","url":"https:\/\/www.ramada-encore-geneve.ch\/de\/","name":"Ramada Encore Geneva","description":"","potentialAction":[{"@type":"SearchAction","target":{"@type":"EntryPoint","urlTemplate":"https:\/\/www.ramada-encore-geneve.ch\/de\/?s={search_term_string}"},"query-input":{"@type":"PropertyValueSpecification","valueRequired":true,"valueName":"search_term_string"}}],"inLanguage":"de-DE"}]}},"acf":[],"_links":{"self":[{"href":"https:\/\/www.ramada-encore-geneve.ch\/de\/wp-json\/wp\/v2\/pages\/614","targetHints":{"allow":["GET"]}}],"collection":[{"href":"https:\/\/www.ramada-encore-geneve.ch\/de\/wp-json\/wp\/v2\/pages"}],"about":[{"href":"https:\/\/www.ramada-encore-geneve.ch\/de\/wp-json\/wp\/v2\/types\/page"}],"author":[{"embeddable":true,"href":"https:\/\/www.ramada-encore-geneve.ch\/de\/wp-json\/wp\/v2\/users\/474"}],"replies":[{"embeddable":true,"href":"https:\/\/www.ramada-encore-geneve.ch\/de\/wp-json\/wp\/v2\/comments?post=614"}],"version-history":[{"count":0,"href":"https:\/\/www.ramada-encore-geneve.ch\/de\/wp-json\/wp\/v2\/pages\/614\/revisions"}],"up":[{"embeddable":true,"href":"https:\/\/www.ramada-encore-geneve.ch\/de\/wp-json\/wp\/v2\/pages\/596"}],"wp:attachment":[{"href":"https:\/\/www.ramada-encore-geneve.ch\/de\/wp-json\/wp\/v2\/media?parent=614"}],"curies":[{"name":"wp","href":"https:\/\/api.w.org\/{rel}","templated":true}]}}